{"id":1966,"date":"2020-09-25T22:38:41","date_gmt":"2020-09-25T20:38:41","guid":{"rendered":"http:\/\/eglisethaborrennes.fr\/eglise\/?page_id=1966"},"modified":"2020-09-25T22:38:41","modified_gmt":"2020-09-25T20:38:41","slug":"dimanche-26-avril-2020le-temps-de-chanter-va-revenir","status":"publish","type":"page","link":"http:\/\/eglisethaborrennes.fr\/eglise\/les-carnets-du-pasteur\/dimanche-26-avril-2020le-temps-de-chanter-va-revenir\/","title":{"rendered":"Dimanche 26 avril 2020<br\/>Le temps de chanter va revenir\u2026"},"content":{"rendered":"<p><strong><em><img loading=\"lazy\" src=\"http:\/\/eglisethaborrennes.fr\/eglise\/wp-content\/uploads\/2020\/09\/avril-26-243x300.jpg\" alt=\"\" width=\"243\" height=\"300\" class=\"size-medium wp-image-1967 alignleft\" srcset=\"http:\/\/eglisethaborrennes.fr\/eglise\/wp-content\/uploads\/2020\/09\/avril-26-243x300.jpg 243w, http:\/\/eglisethaborrennes.fr\/eglise\/wp-content\/uploads\/2020\/09\/avril-26.jpg 485w\" sizes=\"(max-width: 243px) 100vw, 243px\" \/>J\u00e9sus monta dans la barque, et ses disciples suivirent.<br \/>\n<\/em><\/strong><strong><em>Et voici, il s\u2019\u00e9leva sur la mer une si grande temp\u00eate que la barque \u00e9tait couverte par les flots. Et lui, il dormait.<br \/>\n<\/em><\/strong><strong><em>Les disciples s\u2019\u00e9tant approch\u00e9s le r\u00e9veill\u00e8rent, et dirent\u00a0: Seigneur, sauve nous, nous p\u00e9rissons\u00a0!&#8230;<\/em><\/strong><br \/>\nEvangile selon Matthieu 8. 23-27<\/p>\n<p><strong>Le Seigneur n\u2019abandonne pas la barque en pleine temp\u00eate.<\/strong> Les ap\u00f4tres ne sont pas brillants cette nuit-l\u00e0\u00a0: ils ne ma\u00eetrisent plus rien et ils pensent qu\u2019ils vont mourir avec J\u00e9sus au fond du lac.<\/p>\n<p>&nbsp;<\/p>\n<p>Les vagues tapent fort et remplissent la barque. Le vent hurle. Et rien ne r\u00e9veille J\u00e9sus.<br \/>\nMais ce n\u2019est pas aux vagues ni au vent de prier et de r\u00e9veiller J\u00e9sus, c\u2019est la mission des ap\u00f4tres. Alors les disciples s\u2019approchent de J\u00e9sus\u00a0\u00ab\u00a0Seigneur, sauve, nous p\u00e9rissons\u00a0!\u00a0\u00bb<br \/>\n<strong>Ils prient tous ensemble, d\u2019une seule voix, bien unis. Et J\u00e9sus se r\u00e9veille.<\/strong><\/p>\n<p>Dimanche nous serons tous dans notre barque familiale, comme une petite \u00e9glise, et nous prierons pour que Dieu arr\u00eate les vagues de contagion et d\u2019inqui\u00e9tude qui couvrent le monde.<\/p>\n<p>Nous remercions Dieu pour les victoires de cette semaine dans la discipline de la famille et\u00a0les petits services rendus \u00e0 la maison. Remercions Dieu pour les gu\u00e9risons du pardon.<br \/>\nDans ce culte autour de la table, seul ou en famille, avec ou sans vid\u00e9o, Dieu nous \u00e9quipe,\u00a0nous unit, nous r\u00e9concilie avec lui, avec nous-m\u00eames, avec les autres.<\/p>\n<p>Le culte, c\u2019est l\u2019heure o\u00f9 Dieu nous attend tous pour refaire alliance, c\u2019est-\u00e0-dire nous attacher \u00e0 lui dans la temp\u00eate, afin que personne ne se perde.<br \/>\nJ\u2019\u00e9coute le Cantique des cantiques\u00a0: <strong>l\u2019hiver et le confinement vont passer, la joie va refleurir sur la terre, le temps de chanter va revenir. <\/strong>Prenons courage, l\u2019aube va se lever.<\/p>\n<p>Que le Seigneur J\u00e9sus-Christ soit toujours avec votre esprit et dans vos maisons.<\/p>\n<p style=\"text-align: right;\">Pasteur Jacky Leprat<\/p>\n","protected":false},"excerpt":{"rendered":"<p>J\u00e9sus monta dans la barque, et ses disciples suivirent. Et voici, il s\u2019\u00e9leva sur la mer une si grande temp\u00eate que la barque \u00e9tait couverte par les flots. Et lui, il dormait. Les disciples s\u2019\u00e9tant approch\u00e9s le r\u00e9veill\u00e8rent, et dirent\u00a0: Seigneur, sauve nous, nous p\u00e9rissons\u00a0!&#8230; Evangile selon Matthieu 8. 23-27 Le Seigneur n\u2019abandonne pas la &hellip; <\/p>\n<p class=\"link-more\"><a href=\"http:\/\/eglisethaborrennes.fr\/eglise\/les-carnets-du-pasteur\/dimanche-26-avril-2020le-temps-de-chanter-va-revenir\/\" class=\"more-link\">Continuer la lecture<span class=\"screen-reader-text\"> de &laquo;&nbsp;Dimanche 26 avril 2020<br \/>Le temps de chanter va revenir\u2026&nbsp;&raquo;<\/span><\/a><\/p>\n","protected":false},"author":1,"featured_media":0,"parent":1753,"menu_order":0,"comment_status":"closed","ping_status":"closed","template":"","meta":{"_mi_skip_tracking":false},"_links":{"self":[{"href":"http:\/\/eglisethaborrennes.fr\/eglise\/wp-json\/wp\/v2\/pages\/1966"}],"collection":[{"href":"http:\/\/eglisethaborrennes.fr\/eglise\/wp-json\/wp\/v2\/pages"}],"about":[{"href":"http:\/\/eglisethaborrennes.fr\/eglise\/wp-json\/wp\/v2\/types\/page"}],"author":[{"embeddable":true,"href":"http:\/\/eglisethaborrennes.fr\/eglise\/wp-json\/wp\/v2\/users\/1"}],"replies":[{"embeddable":true,"href":"http:\/\/eglisethaborrennes.fr\/eglise\/wp-json\/wp\/v2\/comments?post=1966"}],"version-history":[{"count":1,"href":"http:\/\/eglisethaborrennes.fr\/eglise\/wp-json\/wp\/v2\/pages\/1966\/revisions"}],"predecessor-version":[{"id":1968,"href":"http:\/\/eglisethaborrennes.fr\/eglise\/wp-json\/wp\/v2\/pages\/1966\/revisions\/1968"}],"up":[{"embeddable":true,"href":"http:\/\/eglisethaborrennes.fr\/eglise\/wp-json\/wp\/v2\/pages\/1753"}],"wp:attachment":[{"href":"http:\/\/eglisethaborrennes.fr\/eglise\/wp-json\/wp\/v2\/media?parent=1966"}],"curies":[{"name":"wp","href":"https:\/\/api.w.org\/{rel}","templated":true}]}}